{"id":196,"date":"2021-04-05T15:43:25","date_gmt":"2021-04-05T15:43:25","guid":{"rendered":"http:\/\/melisamartyniuk.com\/?page_id=196"},"modified":"2022-04-12T18:26:06","modified_gmt":"2022-04-12T18:26:06","slug":"la-peruta-espacio-cultural","status":"publish","type":"page","link":"http:\/\/melisamartyniuk.com\/?page_id=196","title":{"rendered":"La Peruta Espacio Cultural"},"content":{"rendered":"\n<p class=\"has-text-align-center\">Cultural management \/ Gesti\u00f3n cultural<\/p>\n\n\n\n<figure class=\"wp-block-image size-large\"><img loading=\"lazy\" width=\"960\" height=\"720\" src=\"http:\/\/melisamartyniuk.com\/wp-content\/uploads\/2021\/04\/la-peruta-hall.jpg\" alt=\"\" class=\"wp-image-197\" srcset=\"http:\/\/melisamartyniuk.com\/wp-content\/uploads\/2021\/04\/la-peruta-hall.jpg 960w, http:\/\/melisamartyniuk.com\/wp-content\/uploads\/2021\/04\/la-peruta-hall-300x225.jpg 300w, http:\/\/melisamartyniuk.com\/wp-content\/uploads\/2021\/04\/la-peruta-hall-768x576.jpg 768w, http:\/\/melisamartyniuk.com\/wp-content\/uploads\/2021\/04\/la-peruta-hall-440x330.jpg 440w\" sizes=\"(max-width: 960px) 100vw, 960px\" \/><\/figure>\n\n\n\n<div class=\"wp-block-columns\">\n<div class=\"wp-block-column\">\n<p class=\"has-text-align-right\" style=\"font-size:14px\"><strong>[eng]<\/strong><br>2010 &#8211; 2020<br><strong>La Peruta Cultural Centre<\/strong><\/p>\n\n\n\n<p class=\"has-text-align-right\" style=\"font-size:14px\"><strong>General coordination. Production and management of cultural activities. Rosario, Argentina.<\/strong><\/p>\n\n\n\n<p class=\"has-text-align-right\" style=\"font-size:14px\">In 2010 I founded, with two partners, La Peruta Cultural Center, where I worked until 2020. <br>La Peruta is an emblematic space for independent and self-managed culture in the city that already has twelve years of experience. Located in the center of the city of Rosario, there are all kinds of cultural and artistic activities: workshops, seminars, recitals, plays, film series, talks, etc.<\/p>\n<\/div>\n\n\n\n<div class=\"wp-block-column\">\n<p style=\"font-size:14px\"><strong>[es]<\/strong><br>2010 &#8211; 2020<br><strong>La Peruta Espacio Cultural<\/strong><\/p>\n\n\n\n<p style=\"font-size:14px\"><strong>Coordinaci\u00f3n general. Producci\u00f3n y gesti\u00f3n de actividades culturales. Rosario, Argentina.<\/strong><\/p>\n\n\n\n<p style=\"font-size:14px\">En 2010 inaugur\u00e9, junto con dos socias, el centro cultural La Peruta, donde trabaj\u00e9 hasta el a\u00f1o 2020.<br>La Peruta es un espacio emblem\u00e1tico de la cultura independiente y autogestiva de la ciudad que ya cuenta con doce a\u00f1os de trayectoria. Ubicado en el centro de la ciudad de Rosario, all\u00ed se desarrollan todo tipo de actividades culturales y art\u00edsticas: talleres, seminarios, recitales, obras de teatro, ciclos de cine, charlas, etc.<\/p>\n<\/div>\n<\/div>\n\n\n\n<figure class=\"wp-block-gallery columns-3 is-cropped\"><ul class=\"blocks-gallery-grid\"><li class=\"blocks-gallery-item\"><figure><img loading=\"lazy\" width=\"1024\" height=\"768\" src=\"http:\/\/melisamartyniuk.com\/wp-content\/uploads\/2021\/04\/peruta-foto-actividad-2-1024x768.jpg\" alt=\"\" data-id=\"200\" data-link=\"http:\/\/melisamartyniuk.com\/?attachment_id=200\" class=\"wp-image-200\" srcset=\"http:\/\/melisamartyniuk.com\/wp-content\/uploads\/2021\/04\/peruta-foto-actividad-2-1024x768.jpg 1024w, http:\/\/melisamartyniuk.com\/wp-content\/uploads\/2021\/04\/peruta-foto-actividad-2-300x225.jpg 300w, http:\/\/melisamartyniuk.com\/wp-content\/uploads\/2021\/04\/peruta-foto-actividad-2-768x576.jpg 768w, http:\/\/melisamartyniuk.com\/wp-content\/uploads\/2021\/04\/peruta-foto-actividad-2-1536x1152.jpg 1536w, http:\/\/melisamartyniuk.com\/wp-content\/uploads\/2021\/04\/peruta-foto-actividad-2-440x330.jpg 440w, http:\/\/melisamartyniuk.com\/wp-content\/uploads\/2021\/04\/peruta-foto-actividad-2.jpg 1824w\" sizes=\"(max-width: 1024px) 100vw, 1024px\" \/><\/figure><\/li><li class=\"blocks-gallery-item\"><figure><img loading=\"lazy\" width=\"1024\" height=\"768\" src=\"http:\/\/melisamartyniuk.com\/wp-content\/uploads\/2021\/04\/peruta-foto-actividad-3-1024x768.jpg\" alt=\"\" data-id=\"201\" data-link=\"http:\/\/melisamartyniuk.com\/?attachment_id=201\" class=\"wp-image-201\" srcset=\"http:\/\/melisamartyniuk.com\/wp-content\/uploads\/2021\/04\/peruta-foto-actividad-3-1024x768.jpg 1024w, http:\/\/melisamartyniuk.com\/wp-content\/uploads\/2021\/04\/peruta-foto-actividad-3-300x225.jpg 300w, http:\/\/melisamartyniuk.com\/wp-content\/uploads\/2021\/04\/peruta-foto-actividad-3-768x576.jpg 768w, http:\/\/melisamartyniuk.com\/wp-content\/uploads\/2021\/04\/peruta-foto-actividad-3-1536x1152.jpg 1536w, http:\/\/melisamartyniuk.com\/wp-content\/uploads\/2021\/04\/peruta-foto-actividad-3-440x330.jpg 440w, http:\/\/melisamartyniuk.com\/wp-content\/uploads\/2021\/04\/peruta-foto-actividad-3.jpg 1824w\" sizes=\"(max-width: 1024px) 100vw, 1024px\" \/><\/figure><\/li><li class=\"blocks-gallery-item\"><figure><img loading=\"lazy\" width=\"831\" height=\"830\" src=\"http:\/\/melisamartyniuk.com\/wp-content\/uploads\/2021\/04\/la-peru-folklo.jpg\" alt=\"\" data-id=\"198\" data-link=\"http:\/\/melisamartyniuk.com\/?attachment_id=198\" class=\"wp-image-198\" srcset=\"http:\/\/melisamartyniuk.com\/wp-content\/uploads\/2021\/04\/la-peru-folklo.jpg 831w, http:\/\/melisamartyniuk.com\/wp-content\/uploads\/2021\/04\/la-peru-folklo-300x300.jpg 300w, http:\/\/melisamartyniuk.com\/wp-content\/uploads\/2021\/04\/la-peru-folklo-150x150.jpg 150w, http:\/\/melisamartyniuk.com\/wp-content\/uploads\/2021\/04\/la-peru-folklo-768x767.jpg 768w, http:\/\/melisamartyniuk.com\/wp-content\/uploads\/2021\/04\/la-peru-folklo-666x666.jpg 666w\" sizes=\"(max-width: 831px) 100vw, 831px\" \/><\/figure><\/li><li class=\"blocks-gallery-item\"><figure><img loading=\"lazy\" width=\"1024\" height=\"685\" src=\"http:\/\/melisamartyniuk.com\/wp-content\/uploads\/2021\/04\/peruta-foto-actividad-5-1024x685.jpg\" alt=\"\" data-id=\"202\" data-link=\"http:\/\/melisamartyniuk.com\/?attachment_id=202\" class=\"wp-image-202\" srcset=\"http:\/\/melisamartyniuk.com\/wp-content\/uploads\/2021\/04\/peruta-foto-actividad-5-1024x685.jpg 1024w, http:\/\/melisamartyniuk.com\/wp-content\/uploads\/2021\/04\/peruta-foto-actividad-5-300x201.jpg 300w, http:\/\/melisamartyniuk.com\/wp-content\/uploads\/2021\/04\/peruta-foto-actividad-5-768x514.jpg 768w, http:\/\/melisamartyniuk.com\/wp-content\/uploads\/2021\/04\/peruta-foto-actividad-5.jpg 1200w\" sizes=\"(max-width: 1024px) 100vw, 1024px\" \/><\/figure><\/li><li class=\"blocks-gallery-item\"><figure><img loading=\"lazy\" width=\"960\" height=\"640\" src=\"http:\/\/melisamartyniuk.com\/wp-content\/uploads\/2021\/04\/la-peruta-funcion.jpg\" alt=\"\" data-id=\"206\" data-link=\"http:\/\/melisamartyniuk.com\/?attachment_id=206\" class=\"wp-image-206\" srcset=\"http:\/\/melisamartyniuk.com\/wp-content\/uploads\/2021\/04\/la-peruta-funcion.jpg 960w, http:\/\/melisamartyniuk.com\/wp-content\/uploads\/2021\/04\/la-peruta-funcion-300x200.jpg 300w, http:\/\/melisamartyniuk.com\/wp-content\/uploads\/2021\/04\/la-peruta-funcion-768x512.jpg 768w\" sizes=\"(max-width: 960px) 100vw, 960px\" \/><\/figure><\/li><li class=\"blocks-gallery-item\"><figure><img loading=\"lazy\" width=\"1024\" height=\"683\" src=\"http:\/\/melisamartyniuk.com\/wp-content\/uploads\/2021\/04\/taller-de-cantar-1024x683.jpg\" alt=\"\" data-id=\"231\" data-full-url=\"http:\/\/melisamartyniuk.com\/wp-content\/uploads\/2021\/04\/taller-de-cantar.jpg\" data-link=\"http:\/\/melisamartyniuk.com\/?attachment_id=231\" class=\"wp-image-231\" srcset=\"http:\/\/melisamartyniuk.com\/wp-content\/uploads\/2021\/04\/taller-de-cantar-1024x683.jpg 1024w, http:\/\/melisamartyniuk.com\/wp-content\/uploads\/2021\/04\/taller-de-cantar-300x200.jpg 300w, http:\/\/melisamartyniuk.com\/wp-content\/uploads\/2021\/04\/taller-de-cantar-768x512.jpg 768w, http:\/\/melisamartyniuk.com\/wp-content\/uploads\/2021\/04\/taller-de-cantar-1536x1024.jpg 1536w, http:\/\/melisamartyniuk.com\/wp-content\/uploads\/2021\/04\/taller-de-cantar.jpg 1920w\" sizes=\"(max-width: 1024px) 100vw, 1024px\" \/><\/figure><\/li><\/ul><\/figure>\n\n\n\n<figure class=\"wp-block-embed is-type-video is-provider-youtube wp-block-embed-youtube wp-embed-aspect-16-9 wp-has-aspect-ratio\"><div class=\"wp-block-embed__wrapper\">\n<iframe loading=\"lazy\" title=\"La Trasnochada en La Peruta\" width=\"920\" height=\"518\" src=\"https:\/\/www.youtube.com\/embed\/yALYocH9Nkw?feature=oembed\" frameborder=\"0\" allow=\"accelerometer; autoplay; clipboard-write; encrypted-media; gyroscope; picture-in-picture\" allowfullscreen><\/iframe>\n<\/div><\/figure>\n\n\n\n<figure class=\"wp-block-embed is-type-video is-provider-youtube wp-block-embed-youtube wp-embed-aspect-16-9 wp-has-aspect-ratio\"><div class=\"wp-block-embed__wrapper\">\n<iframe loading=\"lazy\" title=\"La Peruta espacio cultural 2012\" width=\"920\" height=\"518\" src=\"https:\/\/www.youtube.com\/embed\/3Ozv8DJFUb0?feature=oembed\" frameborder=\"0\" allow=\"accelerometer; autoplay; clipboard-write; encrypted-media; gyroscope; picture-in-picture\" allowfullscreen><\/iframe>\n<\/div><\/figure>\n","protected":false},"excerpt":{"rendered":"<p>Cultural management \/ Gesti\u00f3n cultural [eng]2010 &#8211; 2020La Peruta Cultural Centre General coordination. Production and management of cultural activities. Rosario,<\/p>\n<p><a href=\"http:\/\/melisamartyniuk.com\/?page_id=196\" class=\"more-link\">Continue reading<span class=\"screen-reader-text\">La Peruta Espacio Cultural<\/span><\/a><\/p>\n","protected":false},"author":1,"featured_media":215,"parent":0,"menu_order":0,"comment_status":"closed","ping_status":"closed","template":"","meta":{"om_disable_all_campaigns":false,"_monsterinsights_skip_tracking":false,"_monsterinsights_sitenote_active":false,"_monsterinsights_sitenote_note":"","_monsterinsights_sitenote_category":0},"_links":{"self":[{"href":"http:\/\/melisamartyniuk.com\/index.php?rest_route=\/wp\/v2\/pages\/196"}],"collection":[{"href":"http:\/\/melisamartyniuk.com\/index.php?rest_route=\/wp\/v2\/pages"}],"about":[{"href":"http:\/\/melisamartyniuk.com\/index.php?rest_route=\/wp\/v2\/types\/page"}],"author":[{"embeddable":true,"href":"http:\/\/melisamartyniuk.com\/index.php?rest_route=\/wp\/v2\/users\/1"}],"replies":[{"embeddable":true,"href":"http:\/\/melisamartyniuk.com\/index.php?rest_route=%2Fwp%2Fv2%2Fcomments&post=196"}],"version-history":[{"count":8,"href":"http:\/\/melisamartyniuk.com\/index.php?rest_route=\/wp\/v2\/pages\/196\/revisions"}],"predecessor-version":[{"id":419,"href":"http:\/\/melisamartyniuk.com\/index.php?rest_route=\/wp\/v2\/pages\/196\/revisions\/419"}],"wp:featuredmedia":[{"embeddable":true,"href":"http:\/\/melisamartyniuk.com\/index.php?rest_route=\/wp\/v2\/media\/215"}],"wp:attachment":[{"href":"http:\/\/melisamartyniuk.com\/index.php?rest_route=%2Fwp%2Fv2%2Fmedia&parent=196"}],"curies":[{"name":"wp","href":"https:\/\/api.w.org\/{rel}","templated":true}]}}